{"id":19,"date":"2021-06-29T08:04:40","date_gmt":"2021-06-29T08:04:40","guid":{"rendered":"https:\/\/carmenrey-artstudio.com\/?page_id=19"},"modified":"2022-09-01T12:30:39","modified_gmt":"2022-09-01T12:30:39","slug":"avis-legal-i-politica-de-privacitat","status":"publish","type":"page","link":"https:\/\/carmenrey-artstudio.com\/ca\/avis-legal-i-politica-de-privacitat\/","title":{"rendered":"Av\u00eds legal i pol\u00edtica de privacitat"},"content":{"rendered":"\t\t<div data-elementor-type=\"wp-page\" data-elementor-id=\"19\" class=\"elementor elementor-19\" data-elementor-post-type=\"page\">\n\t\t\t\t\t\t<section class=\"elementor-section elementor-top-section elementor-element elementor-element-4a27dc4 elementor-section-boxed elementor-section-height-default elementor-section-height-default\" data-id=\"4a27dc4\" data-element_type=\"section\" data-settings=\"{&quot;background_background&quot;:&quot;classic&quot;}\">\n\t\t\t\t\t\t\t<div class=\"elementor-background-overlay\"><\/div>\n\t\t\t\t\t\t\t<div class=\"elementor-container elementor-column-gap-default\">\n\t\t\t\t\t<div class=\"elementor-column elementor-col-50 elementor-top-column elementor-element elementor-element-736c4f9\" data-id=\"736c4f9\" data-element_type=\"column\">\n\t\t\t<div class=\"elementor-widget-wrap elementor-element-populated\">\n\t\t\t\t\t\t<section class=\"elementor-section elementor-inner-section elementor-element elementor-element-a841fd2 elementor-section-boxed elementor-section-height-default elementor-section-height-default\" data-id=\"a841fd2\" data-element_type=\"section\" data-settings=\"{&quot;sticky&quot;:&quot;top&quot;,&quot;sticky_offset&quot;:100,&quot;sticky_on&quot;:[&quot;desktop&quot;,&quot;tablet&quot;],&quot;sticky_effects_offset&quot;:0,&quot;sticky_anchor_link_offset&quot;:0}\">\n\t\t\t\t\t\t<div class=\"elementor-container elementor-column-gap-default\">\n\t\t\t\t\t<div class=\"elementor-column elementor-col-100 elementor-inner-column elementor-element elementor-element-17735d9\" data-id=\"17735d9\" data-element_type=\"column\">\n\t\t\t<div class=\"elementor-widget-wrap elementor-element-populated\">\n\t\t\t\t\t\t<div class=\"elementor-element elementor-element-5c2fedc elementor-widget elementor-widget-heading\" data-id=\"5c2fedc\" data-element_type=\"widget\" data-widget_type=\"heading.default\">\n\t\t\t\t<div class=\"elementor-widget-container\">\n\t\t\t\t\t<h2 class=\"elementor-heading-title elementor-size-default\"><a href=\"https:\/\/carmenrey-artstudio.com\/ca\">Carmen Rey<\/a><\/h2>\t\t\t\t<\/div>\n\t\t\t\t<\/div>\n\t\t\t\t<div class=\"elementor-element elementor-element-a1c881d elementor-nav-menu__text-align-center elementor-widget elementor-widget-nav-menu\" data-id=\"a1c881d\" data-element_type=\"widget\" data-settings=\"{&quot;layout&quot;:&quot;dropdown&quot;,&quot;submenu_icon&quot;:{&quot;value&quot;:&quot;&lt;svg class=\\&quot;e-font-icon-svg e-fas-angle-down\\&quot; viewBox=\\&quot;0 0 320 512\\&quot; xmlns=\\&quot;http:\\\/\\\/www.w3.org\\\/2000\\\/svg\\&quot;&gt;&lt;path d=\\&quot;M143 352.3L7 216.3c-9.4-9.4-9.4-24.6 0-33.9l22.6-22.6c9.4-9.4 24.6-9.4 33.9 0l96.4 96.4 96.4-96.4c9.4-9.4 24.6-9.4 33.9 0l22.6 22.6c9.4 9.4 9.4 24.6 0 33.9l-136 136c-9.2 9.4-24.4 9.4-33.8 0z\\&quot;&gt;&lt;\\\/path&gt;&lt;\\\/svg&gt;&quot;,&quot;library&quot;:&quot;fa-solid&quot;},&quot;sticky&quot;:&quot;top&quot;,&quot;sticky_on&quot;:[&quot;desktop&quot;,&quot;tablet&quot;],&quot;sticky_offset&quot;:100,&quot;sticky_effects_offset&quot;:0,&quot;sticky_anchor_link_offset&quot;:0}\" data-widget_type=\"nav-menu.default\">\n\t\t\t\t<div class=\"elementor-widget-container\">\n\t\t\t\t\t\t\t\t<nav class=\"elementor-nav-menu--dropdown elementor-nav-menu__container\" aria-hidden=\"true\">\n\t\t\t\t<ul id=\"menu-2-a1c881d\" class=\"elementor-nav-menu\"><li class=\"menusobremi menu-item menu-item-type-custom menu-item-object-custom menu-item-has-children menu-item-1588\"><a href=\"#\" class=\"elementor-item elementor-item-anchor\" tabindex=\"-1\">Sobre mi<\/a>\n<ul class=\"sub-menu elementor-nav-menu--dropdown\">\n\t<li class=\"menu-item menu-item-type-post_type menu-item-object-page menu-item-1067\"><a href=\"https:\/\/carmenrey-artstudio.com\/ca\/declaracio-artistica\/\" class=\"elementor-sub-item\" tabindex=\"-1\">Artista<\/a><\/li>\n\t<li class=\"menu-item menu-item-type-post_type menu-item-object-page menu-item-511\"><a href=\"https:\/\/carmenrey-artstudio.com\/ca\/biografia\/\" class=\"elementor-sub-item\" tabindex=\"-1\">Biografia<\/a><\/li>\n<\/ul>\n<\/li>\n<li class=\"menuportfolio menu-item menu-item-type-custom menu-item-object-custom menu-item-has-children menu-item-1648\"><a href=\"#\" class=\"elementor-item elementor-item-anchor\" tabindex=\"-1\">Portfoli<\/a>\n<ul class=\"sub-menu elementor-nav-menu--dropdown\">\n\t<li class=\"menu-item menu-item-type-custom menu-item-object-custom menu-item-has-children menu-item-1696\"><a href=\"#\" class=\"elementor-sub-item elementor-item-anchor\" tabindex=\"-1\">Pintura figurativa<\/a>\n\t<ul class=\"sub-menu elementor-nav-menu--dropdown\">\n\t\t<li class=\"menu-item menu-item-type-taxonomy menu-item-object-categorias menu-item-2365\"><a href=\"https:\/\/carmenrey-artstudio.com\/ca\/categorias\/trassos-del-dema\/\" class=\"elementor-sub-item\" tabindex=\"-1\">S\u00e8rie &#8220;Tra\u00e7os del dem\u00e0&#8221;<\/a><\/li>\n\t\t<li class=\"menu-item menu-item-type-taxonomy menu-item-object-categorias menu-item-614\"><a href=\"https:\/\/carmenrey-artstudio.com\/ca\/categorias\/obra-recent\/\" class=\"elementor-sub-item\" tabindex=\"-1\">S\u00e8rie &#8220;Intimitats&#8221;<\/a><\/li>\n\t\t<li class=\"menu-item menu-item-type-taxonomy menu-item-object-categorias menu-item-2293\"><a href=\"https:\/\/carmenrey-artstudio.com\/ca\/categorias\/paisatge-intern\/\" class=\"elementor-sub-item\" tabindex=\"-1\">S\u00e8rie &#8220;Paisatge intern&#8221;<\/a><\/li>\n\t\t<li class=\"menu-item menu-item-type-taxonomy menu-item-object-categorias menu-item-616\"><a href=\"https:\/\/carmenrey-artstudio.com\/ca\/categorias\/visions-del-retrat\/\" class=\"elementor-sub-item\" tabindex=\"-1\">S\u00e8rie &#8220;Visions del retrat&#8221;<\/a><\/li>\n\t\t<li class=\"menu-item menu-item-type-taxonomy menu-item-object-categorias menu-item-615\"><a href=\"https:\/\/carmenrey-artstudio.com\/ca\/categorias\/seleccio-dobres-de-larxiu\/\" class=\"elementor-sub-item\" tabindex=\"-1\">Selecci\u00f3 d\u2019obres de l\u2019arxiu<\/a><\/li>\n\t<\/ul>\n<\/li>\n\t<li class=\"menu-item menu-item-type-taxonomy menu-item-object-categorias menu-item-611\"><a href=\"https:\/\/carmenrey-artstudio.com\/ca\/categorias\/dibuix\/\" class=\"elementor-sub-item\" tabindex=\"-1\">Dibuix<\/a><\/li>\n\t<li class=\"menu-item menu-item-type-taxonomy menu-item-object-categorias menu-item-613\"><a href=\"https:\/\/carmenrey-artstudio.com\/ca\/categorias\/encarrecs\/\" class=\"elementor-sub-item\" tabindex=\"-1\">Enc\u00e0rrecs en t\u00e8cniques diverses<\/a><\/li>\n<\/ul>\n<\/li>\n<li class=\"menu-item menu-item-type-post_type menu-item-object-page menu-item-498\"><a href=\"https:\/\/carmenrey-artstudio.com\/ca\/contactar\/\" class=\"elementor-item\" tabindex=\"-1\">Contactar<\/a><\/li>\n<li class=\"menu-item menu-item-type-custom menu-item-object-custom menu-item-has-children menu-item-1862\"><a class=\"elementor-item\" tabindex=\"-1\">IDIOMES<\/a>\n<ul class=\"sub-menu elementor-nav-menu--dropdown\">\n\t<li class=\"site-id-3 mlp-language-nav-item menu-item menu-item-type-mlp_language menu-item-object-mlp_language mlp-current-language-item menu-item-1951\"><a rel=\"alternate\" href=\"https:\/\/carmenrey-artstudio.com\/ca\/\" class=\"elementor-sub-item\" tabindex=\"-1\" lang=\"ca-ES\" hreflang=\"ca-ES\">CA<\/a><\/li>\n\t<li class=\"site-id-1 mlp-language-nav-item menu-item menu-item-type-mlp_language menu-item-object-mlp_language menu-item-1860\"><a rel=\"alternate\" href=\"https:\/\/carmenrey-artstudio.com\/\" class=\"elementor-sub-item\" tabindex=\"-1\" lang=\"es-ES\" hreflang=\"es-ES\">ES<\/a><\/li>\n\t<li class=\"site-id-2 mlp-language-nav-item menu-item menu-item-type-mlp_language menu-item-object-mlp_language menu-item-1861\"><a rel=\"alternate\" href=\"https:\/\/carmenrey-artstudio.com\/en\/\" class=\"elementor-sub-item\" tabindex=\"-1\" lang=\"en-US\" hreflang=\"en-US\">EN<\/a><\/li>\n<\/ul>\n<\/li>\n<\/ul>\t\t\t<\/nav>\n\t\t\t\t\t\t<\/div>\n\t\t\t\t<\/div>\n\t\t\t\t\t<\/div>\n\t\t<\/div>\n\t\t\t\t\t<\/div>\n\t\t<\/section>\n\t\t\t\t\t<\/div>\n\t\t<\/div>\n\t\t\t\t<div class=\"elementor-column elementor-col-50 elementor-top-column elementor-element elementor-element-f087761\" data-id=\"f087761\" data-element_type=\"column\">\n\t\t\t<div class=\"elementor-widget-wrap elementor-element-populated\">\n\t\t\t\t\t\t<div class=\"elementor-element elementor-element-6ccf860 elementor-widget__width-initial elementor-widget elementor-widget-heading\" data-id=\"6ccf860\" data-element_type=\"widget\" data-widget_type=\"heading.default\">\n\t\t\t\t<div class=\"elementor-widget-container\">\n\t\t\t\t\t<h1 class=\"elementor-heading-title elementor-size-default\">Av\u00eds legal i pol\u00edtica de privacitat<\/h1>\t\t\t\t<\/div>\n\t\t\t\t<\/div>\n\t\t\t\t<div class=\"elementor-element elementor-element-5b0a7c5 elementor-widget__width-initial elementor-widget elementor-widget-image\" data-id=\"5b0a7c5\" data-element_type=\"widget\" data-widget_type=\"image.default\">\n\t\t\t\t<div class=\"elementor-widget-container\">\n\t\t\t\t\t\t\t\t\t\t\t\t\t\t\t<img decoding=\"async\" src=\"https:\/\/carmenrey-artstudio.com\/wp-content\/uploads\/2022\/05\/sello-qualia.png\" title=\"\" alt=\"\" loading=\"lazy\" \/>\t\t\t\t\t\t\t\t\t\t\t\t\t\t\t<\/div>\n\t\t\t\t<\/div>\n\t\t\t\t<div class=\"elementor-element elementor-element-f60124f elementor-widget elementor-widget-text-editor\" data-id=\"f60124f\" data-element_type=\"widget\" data-widget_type=\"text-editor.default\">\n\t\t\t\t<div class=\"elementor-widget-container\">\n\t\t\t\t\t\t\t\t\t<p>\u00a0<\/p><p>1. INFORMACI\u00d3 CORPORATIVA<\/p><p>En compliment de la Llei 34\/2002, de l\u201911 de Juliol, de serveis de la societat de la informaci\u00f3 i de comer\u00e7 electr\u00f2nic, <strong>CARMEN REY BERROCAL, <\/strong>en endavant,<strong> CARMENREY,<\/strong> l\u2019informa que \u00e9s titular del lloc web: <a href=\"https:\/\/carmenrey-artstudio.com\"><strong>https:\/\/carmenrey-artstudio.com<\/strong><\/a><strong>. \u00a0<\/strong>D\u2019acord amb l\u2019exig\u00e8ncia de l\u2019article 10 de la mencionada Llei, notifica les seg\u00fcents dades: NIF\/CIF: <strong>38819274N, <\/strong>i domicili social: <strong>MOSSEN ANDREU, 23, 1r. 08304<\/strong> <strong>MATAR\u00d3<\/strong>, <strong>BARCELONA<\/strong>. L\u2019adre\u00e7a de correu electr\u00f2nic de contacte amb l\u2019empresa \u00e9s: <a href=\"mailto:crey@carmenrey-artstudio.com\"><strong>crey@carmenrey-artstudio.com<\/strong><\/a><strong>.<\/strong> \u00a0\u00a0<\/p><p>\u00a0<\/p><p>2. USUARI i R\u00c8GIM DE RESPONSABILITATS<\/p><p>La navegaci\u00f3 per acc\u00e9s o \u00fas de la p\u00e0gina web i tots els subdominis i directoris inclosos sota el mateix domini, aix\u00ed com els serveis o continguts que a trav\u00e9s seu es puguin obtenir i tots els portals de domini propi sota titularitat de <strong>CARMENREY<\/strong>, atorga la Condici\u00f3 d&#8217;Usuari, per la qual s&#8217;accepten, en navegar per la p\u00e0gina web de <strong>CARMENREY<\/strong>, totes les condicions d&#8217;\u00fas que s&#8217;estableixen sense perjudicar l&#8217;aplicaci\u00f3 de la corresponent normativa de compliment legal obligat segons el cas.<\/p><p>Per aix\u00f2, si les consideracions detallades en aquest av\u00eds legal no s\u00f3n de la seva conformitat, preguem no faci \u00fas del portal, ja que qualsevol \u00fas que faci del mateix o els serveis i continguts en ell inclosos implicar\u00e0 l&#8217;acceptaci\u00f3 dels termes legals recollits en aquest text.<\/p><p>La p\u00e0gina web de <strong>CARMENREY<\/strong> proporciona gran diversitat d&#8217;informaci\u00f3, serveis i dades. L&#8217;usuari assumeix la responsabilitat en l&#8217;\u00fas correcte dels llocs web. Aquesta responsabilitat s&#8217;estendr\u00e0 a: La veracitat i licitud de les informacions aportades per l&#8217;usuari als formularis de registre i contacte de <strong>CARMENREY<\/strong>, per accedir a determinats continguts o serveis oferts per la web.<\/p><p>L&#8217;\u00fas de la informaci\u00f3, serveis i dades ofertes per <strong>CARMENREY<\/strong> no aniran contra les disposicions d&#8217;aquestes cl\u00e0usules, la Llei, la moral, els bons costums o l&#8217;ordre p\u00fablic que puguin suposar lesi\u00f3 dels drets de tercers o del funcionament dels llocs web. A aquest efecte, l&#8217;Usuari s&#8217;abstindr\u00e0 d&#8217;utilitzar qualsevol dels continguts amb finalitats il\u00b7l\u00edcites i prohibides en aquest text, lesius dels drets i interessos de tercers, o que de qualsevol manera puguin danyar, inutilitzar, sobrecarregar, deteriorar o impedir-ne la utilitzaci\u00f3 normal dels continguts, d&#8217;altres usuaris o de qualsevol usuari d&#8217;Internet (hardware i software).<\/p><p>Els usuaris respondran dels danys i perjudicis de tota naturalesa que l&#8217;entitat propiet\u00e0ria del web pugui patir, directament o indirectament, com a conseq\u00fc\u00e8ncia d&#8217;incompliment de qualsevol de les obligacions derivades de l&#8217;\u00fas del web i d&#8217;aquesta pol\u00edtica de privacitat.<\/p><p>En particular, i a t\u00edtol merament indicatiu i no exhaustiu, l&#8217;Usuari es compromet a no transmetre, difondre o posar a disposici\u00f3 de tercers informacions, dades, continguts, missatges, gr\u00e0fics, dibuixos, fitxers de so i\/o imatge, fotografies d&#8217;aquesta web.<\/p><p>\u00a0<\/p><p><strong>POL\u00cdTICA DE PRIVACITAT<\/strong><\/p><p>\u00a0<\/p><p>1. POL\u00cdTICA D\u2019ENLLA\u00c7OS I EXENCIONS DE RESPONSABILITAT<\/p><p><strong>CARMENREY<\/strong> no es fa responsable del contingut de les p\u00e0gines web a qu\u00e8 pugui accedir l&#8217;usuari a trav\u00e9s dels enlla\u00e7os establerts als seus llocs web i declara que en cap cas examinar\u00e0 ni exercitar\u00e0 cap mena de control sobre el contingut d&#8217;altres p\u00e0gines de la xarxa.<\/p><p>Aix\u00ed mateix, tampoc no garanteix la disponibilitat t\u00e8cnica, exactitud, veracitat, validesa o legalitat de p\u00e0gines alienes a la seva propietat a qu\u00e8 es pugui accedir a trav\u00e9s dels enlla\u00e7os d&#8217;aquesta web.<\/p><p><strong>CARMENREY<\/strong> declara que ha adoptat totes les mesures necess\u00e0ries per evitar qualsevol dany que es pugui derivar de la navegaci\u00f3 per la seva p\u00e0gina web. En conseq\u00fc\u00e8ncia, <strong>CARMENREY<\/strong> no es fa responsable, en cap cas, dels danys eventuals que pugui patir l&#8217;usuari a causa de la navegaci\u00f3 per Internet.<\/p><p><strong>CARMENREY<\/strong> no es responsabilitza dels danys o perjudicis de qualsevol tipus produ\u00efts a l&#8217;Usuari que portin causa de fallades o desconnexions a les xarxes de telecomunicacions que produeixin la suspensi\u00f3, cancel\u00b7laci\u00f3, instal\u00b7laci\u00f3 o interrupci\u00f3 del servei del web durant la prestaci\u00f3 del mateix o amb car\u00e0cter previ.<\/p><p>L&#8217;acc\u00e9s a la web https:\/\/carmenrey-artstudio.com no implica l&#8217;obligaci\u00f3 per part de l&#8217;entitat de controlar l&#8217;abs\u00e8ncia de virus o qualsevol altre element inform\u00e0tic nociu. Correspon a l&#8217;Usuari, en tot cas, la disponibilitat d&#8217;eines adequades per a la detecci\u00f3 i desinfecci\u00f3 i protecci\u00f3 de programes inform\u00e0tics nocius.<\/p><p><strong>CARMENREY<\/strong> no es responsabilitza dels danys produ\u00efts als equips inform\u00e0tics, documents i\/o fitxers dels Usuaris o de tercers durant la prestaci\u00f3 del servei en aquest Portal web.<\/p><p>\u00a0<\/p><p>2. PUBLICITAT<\/p><p>La web: <a href=\"https:\/\/carmenrey-artstudio.com\"><strong>https:\/\/carmenrey-artstudio.com<\/strong><\/a><strong>, <\/strong>podr\u00e0 allotjar continguts publicitaris o patrocinats. Els anunciants o patrocinadors s\u00f3n els \u00fanics responsables d&#8217;assegurar-se que el material rem\u00e8s per a la seva inclusi\u00f3 a la web compleix les lleis que en cada cas puguin ser aplicables.<\/p><p><strong>CARMENREY<\/strong> no ser\u00e0 responsable de qualsevol error, inexactitud o irregularitat que puguin contenir els continguts publicitaris o dels patrocinadors en aquesta web.<\/p><p>\u00a0<\/p><p>3. MODIFICACIONS<\/p><p><strong>CARMENREY <\/strong>es reserva el dret a realitzar les modificacions que consideri oportunes, sense av\u00eds previ, en el contingut del seu lloc web, tant pel que fa als continguts com per les condicions d&#8217;\u00fas o per les condicions generals de contractaci\u00f3. Aquestes modificacions podran realitzar-se, a trav\u00e9s dels seus llocs web, de qualsevol forma admissible en dret i seran de compliment obligat durant el temps que estiguin publicades a la web i fins que no siguin modificades per altres posteriors.<\/p><p>\u00a0<\/p><p>4. PROPIETAT INTEL\u00b7LECTUAL<\/p><p>Els drets de propietat intel\u00b7lectual i industrial derivats de tots els textos, imatges, aix\u00ed com dels mitjans i les formes de presentaci\u00f3 i muntatge de les seves p\u00e0gines pertanyen, per si mateixos o com a cession\u00e0ria, a <strong>CARMENREY<\/strong>.<\/p><p>Seran, per tant, obres protegides amb propietat intel\u00b7lectual per l&#8217;ordenament jur\u00eddic espanyol i se&#8217;ls podr\u00e0 aplicar tant la normativa espanyola i comunit\u00e0ria en aquest camp, com els tractats internacionals relatius a la mat\u00e8ria i subscrits per Espanya, Reial Decret Legislatiu 1\/1996 i posteriors modificacions.<\/p><p>Directiva-UE-2019\/790 del Parlament Europeu i del Consell de 17 d&#8217;abril de 2019 sobre els drets d&#8217;autor i drets afins al mercat \u00fanic digital.<\/p><p>Tots els drets reservats. En compliment de la Llei de la Propietat Intel\u00b7lectual es prohibeix expressament la reproducci\u00f3, distribuci\u00f3, comunicaci\u00f3 p\u00fablica i utilitzaci\u00f3 de la totalitat o part dels continguts de les p\u00e0gines web sense el consentiment expl\u00edcit de <strong>CARMENREY<\/strong>.<\/p><p>Aix\u00ed mateix, <strong>CARMENREY<\/strong> es reserva la facultat de presentar les accions civils o penals que consideri oportunes per la utilitzaci\u00f3 indeguda de les p\u00e0gines web i continguts o per l&#8217;incompliment d&#8217;aquestes condicions.<\/p><p>\u00a0<\/p><p>5. CERTIFICATS DE LSSI-CE I PROTECCI\u00d3 DE DADES<\/p><p>Per a l&#8217;adequaci\u00f3 de la p\u00e0gina web https:\/\/carmenrey-artstudio.com, <strong>CARMENREY<\/strong> ha estat assessorada a les normatives de protecci\u00f3 de dades i LSSI-CE per GRUP QUALIA, fet pel qual se li atorga un certificat en format d&#8217;imatge digital perqu\u00e8 pugui exposar-ho en aquesta p\u00e0gina web.<\/p><p>\u00a0<\/p><p>6. ACCIONS LEGALS, LEGISLACI\u00d3 APLICABLE I JURISDICCI\u00d3<\/p><p>La relaci\u00f3 entre l&#8217;usuari i <strong>CARMENREY<\/strong> es regir\u00e0 per la normativa espanyola vigent i seran competents per decidir sobre qualsevol controv\u00e8rsia que pugui sorgir entre l&#8217;usuari i <strong>CARMENREY<\/strong>, els jutjats o els tribunals del Partit Judicial de la localitat de MATAR\u00d3.<\/p><p>\u00a0<\/p><p>7. RESERVA DE COOKIES<\/p><p><strong>CARMENREY<\/strong> es reserva el dret d&#8217;utilitzar cookies en la navegaci\u00f3 de l&#8217;usuari pels seus llocs web per facilitar la personalitzaci\u00f3 i la comoditat de la navegaci\u00f3. Seguint la pol\u00edtica de protecci\u00f3 de dades de l&#8217;entitat, CARMENREY informa que les cookies s&#8217;associen a l&#8217;usuari an\u00f2nim i al vostre ordinador i no proporcionen per si mateixes les dades personals de l&#8217;usuari.<\/p><p>En aquest sentit, d&#8217;acord amb la sent\u00e8ncia de la Gran Sala de Just\u00edcia de la Uni\u00f3 Europea, d&#8217;1 d&#8217;octubre del 2019, i per la Guia de l&#8217;AEPD de juliol del 2020, la nostra &#8216;pol\u00edtica de cookies&#8217; informa a l&#8217;usuari del temps que aquestes cookies romandran actives al terminal de l&#8217;usuari i de la possibilitat que tercers tinguin acc\u00e9s a la informaci\u00f3 que aquestes emmagatzemen. Aquesta sent\u00e8ncia modifica l\u2019article 5, apartat 3, de la Directiva 2002\/58 per la Directiva 2009\/136.<\/p><p>Arran d&#8217;aquesta sent\u00e8ncia i del contingut de la Guia de l&#8217;AEPD de juliol de 2020, l&#8217;usuari t\u00e9 la possibilitat d&#8217;acceptar o rebutjar expl\u00edcitament l&#8217;\u00fas de les galetes i rebre&#8217;n m\u00e9s informaci\u00f3. Addicionalment, l&#8217;Usuari t\u00e9 la possibilitat de configurar el vostre navegador de manera que sigui informat de la recepci\u00f3 de cookies, amb la possibilitat, si aix\u00ed ho desitja, d&#8217;impedir que s&#8217;instal\u00b7lin al vostre disc dur. En aquest sentit, per accedir als llocs web de <strong>CARMENREY<\/strong>, no \u00e9s preceptiva la instal\u00b7laci\u00f3 de cookies.<\/p><p>L&#8217;usuari es compromet a abstenir-se de reproduir, copiar, distribuir, posar a disposici\u00f3 de tercers o de comunicar p\u00fablicament informaci\u00f3 o transformar i modificar els continguts, llevat que es compti amb l&#8217;autoritzaci\u00f3 del titular dels drets corresponents.<\/p><p><strong>\u00a0<\/strong><\/p><p>8. PROTECCI\u00d3 DE DADES PERSONALS<\/p><p>De conformitat amb el que estableix el Reglament General-UE-2016\/679 del Parlament i Consell d&#8217;Europa de Protecci\u00f3 de Dades de Car\u00e0cter Personal, aprovat el 27 d&#8217;abril del 2016, la LOPD 3\/2018, de Garantia dels Drets Digitals, la Llei 34\/2002, de Serveis de la Societat de la Informaci\u00f3 i el Comer\u00e7 Electr\u00f2nic, i la Llei 9\/2014, General de Telecomunicacions, <strong>CARMENREY<\/strong> informa els usuaris dels seus llocs web que estem obligats a guardar secret professional sobre les dades personals recollides per l&#8217;entitat mitjan\u00e7ant els formularis de registre o contacte a les vostres p\u00e0gines. Aquesta obligaci\u00f3 continuar\u00e0 fins i tot despr\u00e9s d&#8217;haver finalitzat la nostra relaci\u00f3 comercial o contractual, i en cap cas no podrem fer p\u00fabliques les dades personals dels visitants i clients a la web sense el seu consentiment. Els menors de 16 anys no poden prestar el seu consentiment perqu\u00e8 un comer\u00e7 electr\u00f2nic reculli i tracti les dades personals; nom\u00e9s els seus representants legals (pares o tutors) s\u00f3n els que poden fer-ho en nom seu. Aquells comer\u00e7os que necessitin tractar dades de menors de 16 anys, han de disposar dels mitjans per obtenir el consentiment dels pares o tutors, per exemple, mitjan\u00e7ant un missatge de correu electr\u00f2nic dirigit a algun d&#8217;ells que contingui un enlla\u00e7 a un formulari electr\u00f2nic. No es poden demanar als menors de 14 anys dades sobre l&#8217;\u00e0mbit familiar, l&#8217;\u00fanica excepci\u00f3 \u00e9s les dades d&#8217;identificaci\u00f3 i contacte dels pares o tutors.<\/p><p>Aquestes dades seran introdu\u00efdes en un fitxer automatitzat sota la responsabilitat de l&#8217;administrador del web de <strong>CARMENREY<\/strong> amb la finalitat de poder facilitar, agilitzar i complir els compromisos establerts entre les dues parts. Aix\u00ed mateix, <strong>CARMENREY<\/strong> informa de la possibilitat d&#8217;exercir els drets d&#8217;acc\u00e9s, que permet a l&#8217;usuari web con\u00e8ixer quines dades personals t\u00e9 l&#8217;administrador d&#8217;aquesta p\u00e0gina i en aquest cas contest\u00e9s en un termini de 30 dies, sempre que conservin les dades personals, rectificaci\u00f3, que permet corregir errors en les dades personals, modificar els que siguin inexactes o incomplets i garantir la certesa de la informaci\u00f3, oposici\u00f3 que podr\u00e0 sol\u00b7licitar i aconseguir que no dugui a terme el tractament de dades, supressi\u00f3 que permet que se suprimeixin les dades inadequades o excessius, limitaci\u00f3, pel qual pot sol\u00b7licitar que es limiti el tractament de les seves dades quan hagi exercit el seu dret a la rectificaci\u00f3 de les seves dades personals, i portabilitat, perqu\u00e8 l&#8217;usuari pugui obtenir una c\u00f2pia de les dades personals que hagi facilitat a la web a fi de poder transmetre&#8217;ls a altres serveis, aquests drets es podran exercir per qualsevol mitj\u00e0 que deixi const\u00e0ncia del seu enviament i recepci\u00f3 a l&#8217;adre\u00e7a de l&#8217;administrador d&#8217;aquest web o al correu electr\u00f2nic: crey@carmenrey-artstudio.com, aportant fotoc\u00f2pia del DNI o documentaci\u00f3 alternativa que acrediti la seva identitat.<\/p><p>Mentre no ens comuniqueu el contrari, entendrem que les vostres dades no han estat modificades, que vost\u00e8 es compromet a notificar-nos qualsevol variaci\u00f3 i que tenim el consentiment per utilitzar-les per a la relaci\u00f3 entre les parts.<\/p><p>L&#8217;enviament de les vostres dades mitjan\u00e7ant el\/s formularis de la nostra web estar\u00e0 supeditat obligat\u00f2riament a que hagueu llegit\/acceptat la Pol\u00edtica de Privacitat, mitjan\u00e7ant un check box obligatori al peu del formulari de registre o contacte.<\/p><p>D&#8217;acord amb all\u00f2 establert a la Llei 34\/2002, de Serveis de la Societat de la Informaci\u00f3 i el Comer\u00e7 Electr\u00f2nic a l&#8217;article 21, demanem el seu consentiment per poder realitzar comunicacions publicit\u00e0ries o informaci\u00f3 de la nostra entitat que considerem que puguin ser del seu inter\u00e8s, per correu electr\u00f2nic o per qualsevol altre mitj\u00e0 de comunicaci\u00f3 electr\u00f2nica equivalent. Aquest consentiment l&#8217;atorgar\u00e0, o no, mitjan\u00e7ant l&#8217;acceptaci\u00f3 de la Pol\u00edtica de Privadesa a l&#8217;esmentat check box al peu del formulari de registre i\/o contacte.<\/p>\t\t\t\t\t\t\t\t<\/div>\n\t\t\t\t<\/div>\n\t\t\t\t<div class=\"elementor-element elementor-element-2875776 elementor-widget elementor-widget-spacer\" data-id=\"2875776\" data-element_type=\"widget\" data-widget_type=\"spacer.default\">\n\t\t\t\t<div class=\"elementor-widget-container\">\n\t\t\t\t\t\t\t<div class=\"elementor-spacer\">\n\t\t\t<div class=\"elementor-spacer-inner\"><\/div>\n\t\t<\/div>\n\t\t\t\t\t\t<\/div>\n\t\t\t\t<\/div>\n\t\t\t\t\t<\/div>\n\t\t<\/div>\n\t\t\t\t\t<\/div>\n\t\t<\/section>\n\t\t\t\t<\/div>\n\t\t","protected":false},"excerpt":{"rendered":"<p>Carmen Rey \u00a0 1. INFORMACI\u00d3 CORPORATIVA En compliment de la Llei 34\/2002, de l\u201911 de Juliol, de serveis de la societat de la informaci\u00f3 i de comer\u00e7 electr\u00f2nic, CARMEN REY BERROCAL, en endavant, CARMENREY, l\u2019informa que \u00e9s titular del lloc web: https:\/\/carmenrey-artstudio.com. \u00a0D\u2019acord amb l\u2019exig\u00e8ncia de l\u2019article 10 de la mencionada Llei, notifica les seg\u00fcents [&hellip;]<\/p>\n","protected":false},"author":2,"featured_media":0,"parent":0,"menu_order":0,"comment_status":"closed","ping_status":"closed","template":"","meta":{"footnotes":""},"class_list":["post-19","page","type-page","status-publish","hentry"],"yoast_head":"<!-- This site is optimized with the Yoast SEO plugin v25.6 - https:\/\/yoast.com\/wordpress\/plugins\/seo\/ -->\n<title>Av\u00eds legal i pol\u00edtica de privacitat - Carmen Rey CA<\/title>\n<meta name=\"robots\" content=\"index, follow, max-snippet:-1, max-image-preview:large, max-video-preview:-1\" \/>\n<link rel=\"canonical\" href=\"https:\/\/carmenrey-artstudio.com\/ca\/avis-legal-i-politica-de-privacitat\/\" \/>\n<meta property=\"og:locale\" content=\"ca_ES\" \/>\n<meta property=\"og:type\" content=\"article\" \/>\n<meta property=\"og:title\" content=\"Av\u00eds legal i pol\u00edtica de privacitat - Carmen Rey CA\" \/>\n<meta property=\"og:description\" content=\"Carmen Rey \u00a0 1. INFORMACI\u00d3 CORPORATIVA En compliment de la Llei 34\/2002, de l\u201911 de Juliol, de serveis de la societat de la informaci\u00f3 i de comer\u00e7 electr\u00f2nic, CARMEN REY BERROCAL, en endavant, CARMENREY, l\u2019informa que \u00e9s titular del lloc web: https:\/\/carmenrey-artstudio.com. \u00a0D\u2019acord amb l\u2019exig\u00e8ncia de l\u2019article 10 de la mencionada Llei, notifica les seg\u00fcents [&hellip;]\" \/>\n<meta property=\"og:url\" content=\"https:\/\/carmenrey-artstudio.com\/ca\/avis-legal-i-politica-de-privacitat\/\" \/>\n<meta property=\"og:site_name\" content=\"Carmen Rey CA\" \/>\n<meta property=\"article:modified_time\" content=\"2022-09-01T12:30:39+00:00\" \/>\n<meta property=\"og:image\" content=\"https:\/\/carmenrey-artstudio.com\/wp-content\/uploads\/2022\/05\/sello-qualia.png\" \/>\n<meta name=\"twitter:card\" content=\"summary_large_image\" \/>\n<meta name=\"twitter:label1\" content=\"Temps estimat de lectura\" \/>\n\t<meta name=\"twitter:data1\" content=\"13 minuts\" \/>\n<script type=\"application\/ld+json\" class=\"yoast-schema-graph\">{\"@context\":\"https:\/\/schema.org\",\"@graph\":[{\"@type\":\"WebPage\",\"@id\":\"https:\/\/carmenrey-artstudio.com\/ca\/avis-legal-i-politica-de-privacitat\/\",\"url\":\"https:\/\/carmenrey-artstudio.com\/ca\/avis-legal-i-politica-de-privacitat\/\",\"name\":\"Av\u00eds legal i pol\u00edtica de privacitat - Carmen Rey CA\",\"isPartOf\":{\"@id\":\"https:\/\/carmenrey-artstudio.com\/ca\/#website\"},\"primaryImageOfPage\":{\"@id\":\"https:\/\/carmenrey-artstudio.com\/ca\/avis-legal-i-politica-de-privacitat\/#primaryimage\"},\"image\":{\"@id\":\"https:\/\/carmenrey-artstudio.com\/ca\/avis-legal-i-politica-de-privacitat\/#primaryimage\"},\"thumbnailUrl\":\"https:\/\/carmenrey-artstudio.com\/wp-content\/uploads\/2022\/05\/sello-qualia.png\",\"datePublished\":\"2021-06-29T08:04:40+00:00\",\"dateModified\":\"2022-09-01T12:30:39+00:00\",\"breadcrumb\":{\"@id\":\"https:\/\/carmenrey-artstudio.com\/ca\/avis-legal-i-politica-de-privacitat\/#breadcrumb\"},\"inLanguage\":\"ca\",\"potentialAction\":[{\"@type\":\"ReadAction\",\"target\":[\"https:\/\/carmenrey-artstudio.com\/ca\/avis-legal-i-politica-de-privacitat\/\"]}]},{\"@type\":\"ImageObject\",\"inLanguage\":\"ca\",\"@id\":\"https:\/\/carmenrey-artstudio.com\/ca\/avis-legal-i-politica-de-privacitat\/#primaryimage\",\"url\":\"https:\/\/carmenrey-artstudio.com\/wp-content\/uploads\/2022\/05\/sello-qualia.png\",\"contentUrl\":\"https:\/\/carmenrey-artstudio.com\/wp-content\/uploads\/2022\/05\/sello-qualia.png\"},{\"@type\":\"BreadcrumbList\",\"@id\":\"https:\/\/carmenrey-artstudio.com\/ca\/avis-legal-i-politica-de-privacitat\/#breadcrumb\",\"itemListElement\":[{\"@type\":\"ListItem\",\"position\":1,\"name\":\"Portada\",\"item\":\"https:\/\/carmenrey-artstudio.com\/ca\/\"},{\"@type\":\"ListItem\",\"position\":2,\"name\":\"Av\u00eds legal i pol\u00edtica de privacitat\"}]},{\"@type\":\"WebSite\",\"@id\":\"https:\/\/carmenrey-artstudio.com\/ca\/#website\",\"url\":\"https:\/\/carmenrey-artstudio.com\/ca\/\",\"name\":\"Carmen Rey CA\",\"description\":\"Artista\",\"publisher\":{\"@id\":\"https:\/\/carmenrey-artstudio.com\/ca\/#organization\"},\"potentialAction\":[{\"@type\":\"SearchAction\",\"target\":{\"@type\":\"EntryPoint\",\"urlTemplate\":\"https:\/\/carmenrey-artstudio.com\/ca\/?s={search_term_string}\"},\"query-input\":{\"@type\":\"PropertyValueSpecification\",\"valueRequired\":true,\"valueName\":\"search_term_string\"}}],\"inLanguage\":\"ca\"},{\"@type\":\"Organization\",\"@id\":\"https:\/\/carmenrey-artstudio.com\/ca\/#organization\",\"name\":\"Carmen Rey CA\",\"url\":\"https:\/\/carmenrey-artstudio.com\/ca\/\",\"logo\":{\"@type\":\"ImageObject\",\"inLanguage\":\"ca\",\"@id\":\"https:\/\/carmenrey-artstudio.com\/ca\/#\/schema\/logo\/image\/\",\"url\":\"https:\/\/carmenrey-artstudio.com\/ca\/wp-content\/uploads\/sites\/3\/2022\/06\/cropped-CR.png\",\"contentUrl\":\"https:\/\/carmenrey-artstudio.com\/ca\/wp-content\/uploads\/sites\/3\/2022\/06\/cropped-CR.png\",\"width\":513,\"height\":512,\"caption\":\"Carmen Rey CA\"},\"image\":{\"@id\":\"https:\/\/carmenrey-artstudio.com\/ca\/#\/schema\/logo\/image\/\"}}]}<\/script>\n<!-- \/ Yoast SEO plugin. -->","yoast_head_json":{"title":"Av\u00eds legal i pol\u00edtica de privacitat - Carmen Rey CA","robots":{"index":"index","follow":"follow","max-snippet":"max-snippet:-1","max-image-preview":"max-image-preview:large","max-video-preview":"max-video-preview:-1"},"canonical":"https:\/\/carmenrey-artstudio.com\/ca\/avis-legal-i-politica-de-privacitat\/","og_locale":"ca_ES","og_type":"article","og_title":"Av\u00eds legal i pol\u00edtica de privacitat - Carmen Rey CA","og_description":"Carmen Rey \u00a0 1. INFORMACI\u00d3 CORPORATIVA En compliment de la Llei 34\/2002, de l\u201911 de Juliol, de serveis de la societat de la informaci\u00f3 i de comer\u00e7 electr\u00f2nic, CARMEN REY BERROCAL, en endavant, CARMENREY, l\u2019informa que \u00e9s titular del lloc web: https:\/\/carmenrey-artstudio.com. \u00a0D\u2019acord amb l\u2019exig\u00e8ncia de l\u2019article 10 de la mencionada Llei, notifica les seg\u00fcents [&hellip;]","og_url":"https:\/\/carmenrey-artstudio.com\/ca\/avis-legal-i-politica-de-privacitat\/","og_site_name":"Carmen Rey CA","article_modified_time":"2022-09-01T12:30:39+00:00","og_image":[{"url":"https:\/\/carmenrey-artstudio.com\/wp-content\/uploads\/2022\/05\/sello-qualia.png","type":"","width":"","height":""}],"twitter_card":"summary_large_image","twitter_misc":{"Temps estimat de lectura":"13 minuts"},"schema":{"@context":"https:\/\/schema.org","@graph":[{"@type":"WebPage","@id":"https:\/\/carmenrey-artstudio.com\/ca\/avis-legal-i-politica-de-privacitat\/","url":"https:\/\/carmenrey-artstudio.com\/ca\/avis-legal-i-politica-de-privacitat\/","name":"Av\u00eds legal i pol\u00edtica de privacitat - Carmen Rey CA","isPartOf":{"@id":"https:\/\/carmenrey-artstudio.com\/ca\/#website"},"primaryImageOfPage":{"@id":"https:\/\/carmenrey-artstudio.com\/ca\/avis-legal-i-politica-de-privacitat\/#primaryimage"},"image":{"@id":"https:\/\/carmenrey-artstudio.com\/ca\/avis-legal-i-politica-de-privacitat\/#primaryimage"},"thumbnailUrl":"https:\/\/carmenrey-artstudio.com\/wp-content\/uploads\/2022\/05\/sello-qualia.png","datePublished":"2021-06-29T08:04:40+00:00","dateModified":"2022-09-01T12:30:39+00:00","breadcrumb":{"@id":"https:\/\/carmenrey-artstudio.com\/ca\/avis-legal-i-politica-de-privacitat\/#breadcrumb"},"inLanguage":"ca","potentialAction":[{"@type":"ReadAction","target":["https:\/\/carmenrey-artstudio.com\/ca\/avis-legal-i-politica-de-privacitat\/"]}]},{"@type":"ImageObject","inLanguage":"ca","@id":"https:\/\/carmenrey-artstudio.com\/ca\/avis-legal-i-politica-de-privacitat\/#primaryimage","url":"https:\/\/carmenrey-artstudio.com\/wp-content\/uploads\/2022\/05\/sello-qualia.png","contentUrl":"https:\/\/carmenrey-artstudio.com\/wp-content\/uploads\/2022\/05\/sello-qualia.png"},{"@type":"BreadcrumbList","@id":"https:\/\/carmenrey-artstudio.com\/ca\/avis-legal-i-politica-de-privacitat\/#breadcrumb","itemListElement":[{"@type":"ListItem","position":1,"name":"Portada","item":"https:\/\/carmenrey-artstudio.com\/ca\/"},{"@type":"ListItem","position":2,"name":"Av\u00eds legal i pol\u00edtica de privacitat"}]},{"@type":"WebSite","@id":"https:\/\/carmenrey-artstudio.com\/ca\/#website","url":"https:\/\/carmenrey-artstudio.com\/ca\/","name":"Carmen Rey CA","description":"Artista","publisher":{"@id":"https:\/\/carmenrey-artstudio.com\/ca\/#organization"},"potentialAction":[{"@type":"SearchAction","target":{"@type":"EntryPoint","urlTemplate":"https:\/\/carmenrey-artstudio.com\/ca\/?s={search_term_string}"},"query-input":{"@type":"PropertyValueSpecification","valueRequired":true,"valueName":"search_term_string"}}],"inLanguage":"ca"},{"@type":"Organization","@id":"https:\/\/carmenrey-artstudio.com\/ca\/#organization","name":"Carmen Rey CA","url":"https:\/\/carmenrey-artstudio.com\/ca\/","logo":{"@type":"ImageObject","inLanguage":"ca","@id":"https:\/\/carmenrey-artstudio.com\/ca\/#\/schema\/logo\/image\/","url":"https:\/\/carmenrey-artstudio.com\/ca\/wp-content\/uploads\/sites\/3\/2022\/06\/cropped-CR.png","contentUrl":"https:\/\/carmenrey-artstudio.com\/ca\/wp-content\/uploads\/sites\/3\/2022\/06\/cropped-CR.png","width":513,"height":512,"caption":"Carmen Rey CA"},"image":{"@id":"https:\/\/carmenrey-artstudio.com\/ca\/#\/schema\/logo\/image\/"}}]}},"_links":{"self":[{"href":"https:\/\/carmenrey-artstudio.com\/ca\/wp-json\/wp\/v2\/pages\/19","targetHints":{"allow":["GET"]}}],"collection":[{"href":"https:\/\/carmenrey-artstudio.com\/ca\/wp-json\/wp\/v2\/pages"}],"about":[{"href":"https:\/\/carmenrey-artstudio.com\/ca\/wp-json\/wp\/v2\/types\/page"}],"author":[{"embeddable":true,"href":"https:\/\/carmenrey-artstudio.com\/ca\/wp-json\/wp\/v2\/users\/2"}],"replies":[{"embeddable":true,"href":"https:\/\/carmenrey-artstudio.com\/ca\/wp-json\/wp\/v2\/comments?post=19"}],"version-history":[{"count":55,"href":"https:\/\/carmenrey-artstudio.com\/ca\/wp-json\/wp\/v2\/pages\/19\/revisions"}],"predecessor-version":[{"id":1981,"href":"https:\/\/carmenrey-artstudio.com\/ca\/wp-json\/wp\/v2\/pages\/19\/revisions\/1981"}],"wp:attachment":[{"href":"https:\/\/carmenrey-artstudio.com\/ca\/wp-json\/wp\/v2\/media?parent=19"}],"curies":[{"name":"wp","href":"https:\/\/api.w.org\/{rel}","templated":true}]}}